{"id":124,"date":"2025-05-22T18:52:20","date_gmt":"2025-05-22T16:52:20","guid":{"rendered":"https:\/\/prosecuciones.faeusach.cl\/?page_id=124"},"modified":"2026-04-16T05:21:21","modified_gmt":"2026-04-16T03:21:21","slug":"contador-publico-y-auditor","status":"publish","type":"page","link":"https:\/\/prosecuciones.faeusach.cl\/index.php\/contador-publico-y-auditor\/","title":{"rendered":"Contador P\u00fablico y Auditor"},"content":{"rendered":"<p>[et_pb_section fb_built=\u00bb1&#8243; _builder_version=\u00bb4.27.4&#8243; _module_preset=\u00bbdefault\u00bb background_image=\u00bbhttps:\/\/prosecuciones.faeusach.cl\/wp-content\/uploads\/2025\/09\/opcion-fondo.jpg\u00bb global_colors_info=\u00bb{}\u00bb][et_pb_row column_structure=\u00bb1_2,1_2&#8243; _builder_version=\u00bb4.27.4&#8243; _module_preset=\u00bbdefault\u00bb custom_margin=\u00bb||||false|false\u00bb global_colors_info=\u00bb{}\u00bb][et_pb_column type=\u00bb1_2&#8243; _builder_version=\u00bb4.27.4&#8243; _module_preset=\u00bbdefault\u00bb global_colors_info=\u00bb{}\u00bb][et_pb_text _builder_version=\u00bb4.27.4&#8243; _module_preset=\u00bbdefault\u00bb text_text_color=\u00bb#FFFFFF\u00bb header_text_align=\u00bbleft\u00bb header_text_color=\u00bb#FFFFFF\u00bb header_2_text_color=\u00bb#FFFFFF\u00bb header_3_text_color=\u00bb#FFFFFF\u00bb text_orientation=\u00bbjustified\u00bb custom_css_free_form=\u00bb.semestre {||  display:flex;||  background:#EC8327;||  border-radius: 100px;||  justify-content:center;||  height:35px;||  width:220px;||  margin: 15px 0px 30px 0px;||  padding-top:5px;||}\u00bb global_colors_info=\u00bb{}\u00bb]<\/p>\n<h3><span style=\"text-decoration: underline;\">Prosecuci\u00f3n de estudios FAE USACH<\/span><\/h3>\n<p><span style=\"text-decoration: underline;\"><\/span><\/p>\n<h1><strong>CONTADOR P\u00daBLICO Y AUDITOR<\/strong><\/h1>\n<p class=\"semestre\" style=\"text-align: center;\">1\u00b0 Semestre 2027<\/p>\n<hr \/>\n<h2><strong><\/strong><\/h2>\n<h2><strong>Prosecuci\u00f3n de Estudios<\/strong><\/h2>\n<p><strong><\/strong><\/p>\n<ul>\n<li>La carrera de contador P\u00fablico y Auditor se centra en el dominio de las ciencias contables y pol\u00edticas p\u00fablicas.<\/li>\n<li><strong>Habilidades:<\/strong> Sentido de la \u00e9tica y responsabilidad social.<\/li>\n<li><strong>Campo laboral:<\/strong> Gerente de Finanzas, contabilidad, auditor\u00eda Interna, Contralor, etc. Tambi\u00e9n podr\u00e1 formar su propia empresa o desempe\u00f1arse como profesional independiente, siendo consultor\/asesor, auditor externo, entre otros.<\/li>\n<\/ul>\n<h2><strong>Requisitos de Ingreso<\/strong><\/h2>\n<p>Personas con T\u00edtulo o Licenciatura de una carrera profesional o t\u00e9cnica de nivel superior.<\/p>\n<p>[\/et_pb_text][et_pb_code _builder_version=\u00bb4.27.4&#8243; _module_preset=\u00bbdefault\u00bb locked=\u00bboff\u00bb global_colors_info=\u00bb{}\u00bb]<\/p>\n<div id=\"nombre-carrera\" style=\"display:none;\">Contador P\u00fablico y Auditor<\/div>\n<p>[\/et_pb_code][\/et_pb_column][et_pb_column type=\u00bb1_2&#8243; _builder_version=\u00bb4.27.4&#8243; _module_preset=\u00bbdefault\u00bb global_colors_info=\u00bb{}\u00bb][et_pb_code _builder_version=\u00bb4.27.4&#8243; _module_preset=\u00bbdefault\u00bb custom_margin=\u00bb||||false|false\u00bb custom_css_free_form=\u00bb.title-form {||  text-align:center;||  background:rgb(57,64,73);||  color: white;||  border-radius: 20px 20px 0px 0px;||  padding: 12px;||}\u00bb global_colors_info=\u00bb{}\u00bb]<script src=\"https:\/\/js.hsforms.net\/forms\/embed\/5395956.js\" defer><\/script><!-- [et_pb_line_break_holder] --><\/p>\n<div class=\"hs-form-frame\" data-region=\"na1\" data-form-id=\"1f39ea6b-a723-447a-a629-5d05e8b74d6f\" data-portal-id=\"5395956\"><\/div>\n<p>[\/et_pb_code][et_pb_text _builder_version=\u00bb4.27.4&#8243; _module_preset=\u00bbdefault\u00bb header_3_text_align=\u00bbcenter\u00bb header_3_text_color=\u00bb#FFFFFF\u00bb text_orientation=\u00bbcenter\u00bb custom_padding=\u00bb10px|10px|10px|10px|false|false\u00bb link_option_url=\u00bbhttps:\/\/web.whatsapp.com\/send?phone=56982306793&#8243; link_option_url_new_window=\u00bbon\u00bb border_radii=\u00bbon|10px|10px|10px|10px\u00bb border_width_all=\u00bb1px\u00bb border_color_all=\u00bb#FFFFFF\u00bb global_colors_info=\u00bb{}\u00bb]<\/p>\n<p><img loading=\"lazy\" decoding=\"async\" src=\"https:\/\/prosecuciones.faeusach.cl\/wp-content\/uploads\/2025\/06\/whatsapp-brands.svg\" width=\"56\" height=\"64\" alt=\"\" class=\"wp-image-197 alignnone size-medium\" \/><\/p>\n<h3>\u00a1Tambi\u00e9n puedes escribirnos un mensaje!<\/h3>\n<h3><strong><span style=\"text-decoration: underline;\">Haz click aqu\u00ed<\/span><\/strong><\/h3>\n<p>[\/et_pb_text][\/et_pb_column][\/et_pb_row][et_pb_row _builder_version=\u00bb4.27.4&#8243; _module_preset=\u00bbdefault\u00bb global_colors_info=\u00bb{}\u00bb][et_pb_column type=\u00bb4_4&#8243; _builder_version=\u00bb4.27.4&#8243; _module_preset=\u00bbdefault\u00bb global_colors_info=\u00bb{}\u00bb][et_pb_text _builder_version=\u00bb4.27.4&#8243; _module_preset=\u00bbdefault\u00bb header_2_text_align=\u00bbcenter\u00bb header_2_text_color=\u00bb#FFFFFF\u00bb header_2_font_size=\u00bb30px\u00bb global_colors_info=\u00bb{}\u00bb]<\/p>\n<hr \/>\n<h2><strong><\/strong><\/h2>\n<h2><strong>Conoce todas nuestras Prosecuciones<\/strong><\/h2>\n<p>[\/et_pb_text][\/et_pb_column][\/et_pb_row][et_pb_row column_structure=\u00bb1_3,1_3,1_3&#8243; _builder_version=\u00bb4.27.4&#8243; _module_preset=\u00bbdefault\u00bb global_colors_info=\u00bb{}\u00bb][et_pb_column type=\u00bb1_3&#8243; _builder_version=\u00bb4.27.4&#8243; _module_preset=\u00bbdefault\u00bb global_colors_info=\u00bb{}\u00bb][et_pb_button button_url=\u00bb@ET-DC@eyJkeW5hbWljIjp0cnVlLCJjb250ZW50IjoicG9zdF9saW5rX3VybF9wYWdlIiwic2V0dGluZ3MiOnsicG9zdF9pZCI6IjIxMCJ9fQ==@\u00bb button_text=\u00bbAdministraci\u00f3n P\u00fablica\u00bb button_alignment=\u00bbcenter\u00bb module_class=\u00bbmi-boton-centrado\u00bb _builder_version=\u00bb4.27.4&#8243; _dynamic_attributes=\u00bbbutton_url\u00bb _module_preset=\u00bbdefault\u00bb custom_button=\u00bbon\u00bb button_text_size=\u00bb20px\u00bb button_text_color=\u00bb#FFFFFF\u00bb button_bg_color=\u00bb#EA7600&#8243; button_border_width=\u00bb0px\u00bb button_border_color=\u00bb#ea841e\u00bb button_border_radius=\u00bb5px\u00bb button_use_icon=\u00bboff\u00bb background_layout=\u00bbdark\u00bb custom_margin=\u00bb5px|5px|5px|5px|false|false\u00bb custom_padding=\u00bb15px|15px|15px|15px|false|false\u00bb button_border_color_tablet=\u00bb#ea841e\u00bb button_border_color_phone=\u00bb#ea841e\u00bb button_border_color_last_edited=\u00bbon|desktop\u00bb custom_css_free_form=\u00bb||selector {||  display: flex !important;||  justify-content: center !important;||  align-items: center !important;||  height:100px; ||}\u00bb global_colors_info=\u00bb{}\u00bb button_text_color__hover=\u00bb#FFFFFF\u00bb button_text_color__hover_enabled=\u00bbon|hover\u00bb button_bg_color__hover=\u00bb#9e5900&#8243; button_bg_color__hover_enabled=\u00bbon|hover\u00bb button_border_color__hover=\u00bb#EA7600&#8243; button_border_color__hover_enabled=\u00bbon|hover\u00bb][\/et_pb_button][\/et_pb_column][et_pb_column type=\u00bb1_3&#8243; _builder_version=\u00bb4.27.4&#8243; _module_preset=\u00bbdefault\u00bb global_colors_info=\u00bb{}\u00bb][et_pb_button button_url=\u00bb@ET-DC@eyJkeW5hbWljIjp0cnVlLCJjb250ZW50IjoicG9zdF9saW5rX3VybF9wYWdlIiwic2V0dGluZ3MiOnsicG9zdF9pZCI6IjIyNSJ9fQ==@\u00bb button_text=\u00bbIngenier\u00eda Comercial en Administraci\u00f3n de Empresas\u00bb button_alignment=\u00bbcenter\u00bb module_class=\u00bbmi-boton-centrado\u00bb _builder_version=\u00bb4.27.4&#8243; _dynamic_attributes=\u00bbbutton_url\u00bb _module_preset=\u00bbdefault\u00bb custom_button=\u00bbon\u00bb button_text_size=\u00bb20px\u00bb button_text_color=\u00bb#FFFFFF\u00bb button_bg_color=\u00bb#EA7600&#8243; button_border_width=\u00bb0px\u00bb button_border_color=\u00bb#ea841e\u00bb button_border_radius=\u00bb5px\u00bb button_use_icon=\u00bboff\u00bb background_layout=\u00bbdark\u00bb custom_margin=\u00bb5px|5px|5px|5px|false|false\u00bb custom_padding=\u00bb15px|15px|15px|15px|false|false\u00bb button_border_color_tablet=\u00bb#ea841e\u00bb button_border_color_phone=\u00bb#ea841e\u00bb button_border_color_last_edited=\u00bbon|desktop\u00bb custom_css_free_form=\u00bb||selector {||  display: flex !important;||  justify-content: center !important;||  align-items: center !important;||  height:100px; ||}\u00bb global_colors_info=\u00bb{}\u00bb button_border_color__hover_enabled=\u00bbon|hover\u00bb button_border_color__hover=\u00bb#EA7600&#8243; button_bg_color__hover_enabled=\u00bbon|hover\u00bb button_bg_color__hover=\u00bb#9e5900&#8243; button_bg_enable_color__hover=\u00bbon\u00bb button_text_color__hover_enabled=\u00bbon|hover\u00bb button_text_color__hover=\u00bb#FFFFFF\u00bb][\/et_pb_button][\/et_pb_column][et_pb_column type=\u00bb1_3&#8243; _builder_version=\u00bb4.27.4&#8243; _module_preset=\u00bbdefault\u00bb global_colors_info=\u00bb{}\u00bb][et_pb_button button_url=\u00bb@ET-DC@eyJkeW5hbWljIjp0cnVlLCJjb250ZW50IjoicG9zdF9saW5rX3VybF9wYWdlIiwic2V0dGluZ3MiOnsicG9zdF9pZCI6IjIxOSJ9fQ==@\u00bb button_text=\u00bbIngenier\u00eda Comercial en Econom\u00eda\u00bb button_alignment=\u00bbcenter\u00bb module_class=\u00bbmi-boton-centrado\u00bb _builder_version=\u00bb4.27.4&#8243; _dynamic_attributes=\u00bbbutton_url\u00bb _module_preset=\u00bbdefault\u00bb custom_button=\u00bbon\u00bb button_text_size=\u00bb20px\u00bb button_text_color=\u00bb#FFFFFF\u00bb button_bg_color=\u00bb#EA7600&#8243; button_border_width=\u00bb0px\u00bb button_border_color=\u00bb#ea841e\u00bb button_border_radius=\u00bb5px\u00bb button_use_icon=\u00bboff\u00bb background_layout=\u00bbdark\u00bb custom_margin=\u00bb5px|5px|5px|5px|false|false\u00bb custom_padding=\u00bb15px|15px|15px|15px|false|false\u00bb button_border_color_tablet=\u00bb#ea841e\u00bb button_border_color_phone=\u00bb#ea841e\u00bb button_border_color_last_edited=\u00bbon|desktop\u00bb custom_css_free_form=\u00bb||selector {||  display: flex !important;||  justify-content: center !important;||  align-items: center !important;||  height:100px; ||}\u00bb global_colors_info=\u00bb{}\u00bb button_text_color__hover=\u00bb#FFFFFF\u00bb button_text_color__hover_enabled=\u00bbon|hover\u00bb button_bg_color__hover=\u00bb#9e5900&#8243; button_bg_color__hover_enabled=\u00bbon|hover\u00bb button_border_color__hover=\u00bb#EA7600&#8243; button_border_color__hover_enabled=\u00bbon|hover\u00bb][\/et_pb_button][\/et_pb_column][\/et_pb_row][\/et_pb_section]<\/p>\n","protected":false},"excerpt":{"rendered":"<p>Prosecuci\u00f3n de estudios FAE USACH CONTADOR P\u00daBLICO Y AUDITOR 1\u00b0 Semestre 2027 Prosecuci\u00f3n de Estudios La carrera de contador P\u00fablico y Auditor se centra en el dominio de las ciencias contables y pol\u00edticas p\u00fablicas. Habilidades: Sentido de la \u00e9tica y responsabilidad social. Campo laboral: Gerente de Finanzas, contabilidad, auditor\u00eda Interna, Contralor, etc. Tambi\u00e9n podr\u00e1 formar [&hellip;]<\/p>\n","protected":false},"author":1,"featured_media":0,"parent":0,"menu_order":0,"comment_status":"closed","ping_status":"closed","template":"","meta":{"_et_pb_use_builder":"on","_et_pb_old_content":"","_et_gb_content_width":"","footnotes":""},"class_list":["post-124","page","type-page","status-publish","hentry"],"_links":{"self":[{"href":"https:\/\/prosecuciones.faeusach.cl\/index.php\/wp-json\/wp\/v2\/pages\/124","targetHints":{"allow":["GET"]}}],"collection":[{"href":"https:\/\/prosecuciones.faeusach.cl\/index.php\/wp-json\/wp\/v2\/pages"}],"about":[{"href":"https:\/\/prosecuciones.faeusach.cl\/index.php\/wp-json\/wp\/v2\/types\/page"}],"author":[{"embeddable":true,"href":"https:\/\/prosecuciones.faeusach.cl\/index.php\/wp-json\/wp\/v2\/users\/1"}],"replies":[{"embeddable":true,"href":"https:\/\/prosecuciones.faeusach.cl\/index.php\/wp-json\/wp\/v2\/comments?post=124"}],"version-history":[{"count":39,"href":"https:\/\/prosecuciones.faeusach.cl\/index.php\/wp-json\/wp\/v2\/pages\/124\/revisions"}],"predecessor-version":[{"id":430,"href":"https:\/\/prosecuciones.faeusach.cl\/index.php\/wp-json\/wp\/v2\/pages\/124\/revisions\/430"}],"wp:attachment":[{"href":"https:\/\/prosecuciones.faeusach.cl\/index.php\/wp-json\/wp\/v2\/media?parent=124"}],"curies":[{"name":"wp","href":"https:\/\/api.w.org\/{rel}","templated":true}]}}